{"id":72,"date":"2024-07-27T10:04:01","date_gmt":"2024-07-27T08:04:01","guid":{"rendered":"https:\/\/bellysma.fr\/?page_id=72"},"modified":"2025-08-06T14:23:25","modified_gmt":"2025-08-06T12:23:25","slug":"accueil","status":"publish","type":"page","link":"https:\/\/bellysma.fr\/","title":{"rendered":"3 Agences \u00e0 votre service"},"content":{"rendered":"\n<figure class=\"wp-block-image aligncenter size-full is-resized\"><a href=\"https:\/\/www.agence.gan.fr\/880-gan-assurances-bailleul\"><img fetchpriority=\"high\" decoding=\"async\" width=\"1024\" height=\"1024\" src=\"https:\/\/bellysma.fr\/wp-content\/uploads\/2024\/07\/Logo_Gan_2010.svg.png\" alt=\"\" class=\"wp-image-97\" style=\"width:125px;height:auto\" srcset=\"https:\/\/bellysma.fr\/wp-content\/uploads\/2024\/07\/Logo_Gan_2010.svg.png 1024w, https:\/\/bellysma.fr\/wp-content\/uploads\/2024\/07\/Logo_Gan_2010.svg-300x300.png 300w, https:\/\/bellysma.fr\/wp-content\/uploads\/2024\/07\/Logo_Gan_2010.svg-150x150.png 150w, https:\/\/bellysma.fr\/wp-content\/uploads\/2024\/07\/Logo_Gan_2010.svg-768x768.png 768w, https:\/\/bellysma.fr\/wp-content\/uploads\/2024\/07\/Logo_Gan_2010.svg-1000x1000.png 1000w, https:\/\/bellysma.fr\/wp-content\/uploads\/2024\/07\/Logo_Gan_2010.svg-230x230.png 230w, https:\/\/bellysma.fr\/wp-content\/uploads\/2024\/07\/Logo_Gan_2010.svg-350x350.png 350w, https:\/\/bellysma.fr\/wp-content\/uploads\/2024\/07\/Logo_Gan_2010.svg-480x480.png 480w\" sizes=\"(max-width: 1024px) 100vw, 1024px\" \/><\/a><\/figure>\n\n\n\n<p>Depuis 40 ans, notre agence d&rsquo;assurance est un pilier de confiance et de s\u00e9curit\u00e9 dans les Flandres. En tant qu&rsquo;agents <a href=\"https:\/\/www.gan.fr\/\">GAN ASSURANCES<\/a> et courtiers ind\u00e9pendants, nous avons b\u00e2ti une r\u00e9putation solide bas\u00e9e sur notre professionnalisme et notre engagement envers nos clients.<\/p>\n\n\n\n<hr class=\"wp-block-separator has-alpha-channel-opacity\"\/>\n\n\n\n<p><strong>Nos Services :<\/strong> Nous offrons une gamme compl\u00e8te de services d&rsquo;assurance adapt\u00e9s aux besoins de chacun :<\/p>\n\n\n\n<ul class=\"wp-block-list\">\n<li><strong>Particuliers<\/strong> : Que ce soit pour votre habitation, votre v\u00e9hicule ou votre sant\u00e9, nous avons des solutions personnalis\u00e9es pour vous prot\u00e9ger au quotidien.<\/li>\n\n\n\n<li><strong>Professionnels<\/strong> : Nous accompagnons les artisans, commer\u00e7ants et professions lib\u00e9rales en leur proposant des assurances sur mesure pour leur activit\u00e9.<\/li>\n\n\n\n<li><strong>Entreprises<\/strong> : De la PME \u00e0 la grande entreprise, nous proposons des couvertures adapt\u00e9es pour prot\u00e9ger vos locaux, vos employ\u00e9s et votre activit\u00e9.<\/li>\n\n\n\n<li><strong>Agriculteurs<\/strong> : Forts de notre exp\u00e9rience dans le secteur agricole, nous comprenons les sp\u00e9cificit\u00e9s de votre m\u00e9tier et vous offrons des solutions adapt\u00e9es pour prot\u00e9ger vos exploitations.<\/li>\n<\/ul>\n\n\n\n<p><strong>Nos Agences :<\/strong> Nous sommes fiers de vous accueillir dans nos trois agences situ\u00e9es \u00e0 :<\/p>\n\n\n\n<ul class=\"wp-block-list\">\n<li><strong>Bailleul<\/strong> : Un accueil chaleureux et un service de proximit\u00e9 pour r\u00e9pondre \u00e0 toutes vos attentes.<\/li>\n\n\n\n<li><strong>Armenti\u00e8res<\/strong> : Une \u00e9quipe dynamique et \u00e0 votre \u00e9coute pour vous conseiller au mieux.<\/li>\n\n\n\n<li><strong>La Madeleine<\/strong> : Des experts disponibles pour vous accompagner dans vos projets et vous offrir des solutions personnalis\u00e9es.<\/li>\n<\/ul>\n\n\n\n<p><strong>Notre Engagement :<\/strong> Notre priorit\u00e9 est votre satisfaction. C\u2019est pourquoi nous mettons un point d\u2019honneur \u00e0 offrir un service de qualit\u00e9, r\u00e9actif et personnalis\u00e9. Nous sommes \u00e0 vos c\u00f4t\u00e9s pour vous conseiller, vous accompagner et vous aider \u00e0 faire les meilleurs choix en mati\u00e8re d&rsquo;assurance.<\/p>\n\n\n\n<p>Faites confiance \u00e0 une agence qui, depuis quatre d\u00e9cennies, \u0153uvre pour votre s\u00e9r\u00e9nit\u00e9 et votre protection. Rejoignez-nous et b\u00e9n\u00e9ficiez de l&rsquo;expertise et du professionnalisme de notre \u00e9quipe pour toutes vos assurances.<\/p>\n\n\n\n<p><strong>Contactez-nous d\u00e8s aujourd&rsquo;hui pour un rendez-vous ou un devis personnalis\u00e9.<\/strong><\/p>\n\n\n\n<p class=\"has-text-align-center\"><strong><em>CONTACTEZ NOUS<\/em><\/strong><\/p>\n\n\n\n<div class=\"wp-block-buttons is-content-justification-center is-layout-flex wp-container-core-buttons-is-layout-a89b3969 wp-block-buttons-is-layout-flex\">\n<div class=\"wp-block-button is-style-outline is-style-outline--1\"><a class=\"wp-block-button__link wp-element-button\" href=\"mailto: contact@bellysma.fr\">MAIL<\/a><\/div>\n\n\n\n<div class=\"wp-block-button is-style-outline is-style-outline--2\"><a class=\"wp-block-button__link wp-element-button\" href=\"Tel: 0328509400\">TEL<\/a><\/div>\n<\/div>\n","protected":false},"excerpt":{"rendered":"<p>Depuis 40 ans, notre agence d&rsquo;assurance est un pilier de confiance et de s\u00e9curit\u00e9 dans les Flandres. En tant qu&rsquo;agents GAN ASSURANCES [&hellip;]<\/p>\n","protected":false},"author":1,"featured_media":0,"parent":0,"menu_order":0,"comment_status":"closed","ping_status":"closed","template":"","meta":{"footnotes":""},"class_list":["post-72","page","type-page","status-publish","hentry"],"_links":{"self":[{"href":"https:\/\/bellysma.fr\/index.php\/wp-json\/wp\/v2\/pages\/72","targetHints":{"allow":["GET"]}}],"collection":[{"href":"https:\/\/bellysma.fr\/index.php\/wp-json\/wp\/v2\/pages"}],"about":[{"href":"https:\/\/bellysma.fr\/index.php\/wp-json\/wp\/v2\/types\/page"}],"author":[{"embeddable":true,"href":"https:\/\/bellysma.fr\/index.php\/wp-json\/wp\/v2\/users\/1"}],"replies":[{"embeddable":true,"href":"https:\/\/bellysma.fr\/index.php\/wp-json\/wp\/v2\/comments?post=72"}],"version-history":[{"count":7,"href":"https:\/\/bellysma.fr\/index.php\/wp-json\/wp\/v2\/pages\/72\/revisions"}],"predecessor-version":[{"id":112,"href":"https:\/\/bellysma.fr\/index.php\/wp-json\/wp\/v2\/pages\/72\/revisions\/112"}],"wp:attachment":[{"href":"https:\/\/bellysma.fr\/index.php\/wp-json\/wp\/v2\/media?parent=72"}],"curies":[{"name":"wp","href":"https:\/\/api.w.org\/{rel}","templated":true}]}}